{"id":723,"date":"2019-11-21T12:18:10","date_gmt":"2019-11-21T15:18:10","guid":{"rendered":"https:\/\/cipead.ufpr.br\/?page_id=723"},"modified":"2025-04-02T14:03:57","modified_gmt":"2025-04-02T17:03:57","slug":"processos-seletivos","status":"publish","type":"page","link":"https:\/\/cipead.ufpr.br\/index.php\/uab\/orientacoes-gerais\/processos-seletivos\/","title":{"rendered":"PROCESSOS SELETIVOS"},"content":{"rendered":"\t\t<div data-elementor-type=\"wp-page\" data-elementor-id=\"723\" class=\"elementor elementor-723\">\n\t\t\t\t\t\t<section class=\"elementor-section elementor-top-section elementor-element elementor-element-36a4a8a0 elementor-section-boxed elementor-section-height-default elementor-section-height-default\" data-id=\"36a4a8a0\" data-element_type=\"section\" data-e-type=\"section\">\n\t\t\t\t\t\t<div class=\"elementor-container elementor-column-gap-default\">\n\t\t\t\t\t<div class=\"elementor-column elementor-col-66 elementor-top-column elementor-element elementor-element-7cbffcb6\" data-id=\"7cbffcb6\" data-element_type=\"column\" data-e-type=\"column\">\n\t\t\t<div class=\"elementor-widget-wrap elementor-element-populated\">\n\t\t\t\t\t\t<div class=\"elementor-element elementor-element-7114ed4f elementor-widget__width-initial elementor-widget elementor-widget-text-editor\" data-id=\"7114ed4f\" data-element_type=\"widget\" data-e-type=\"widget\" data-widget_type=\"text-editor.default\">\n\t\t\t\t<div class=\"elementor-widget-container\">\n\t\t\t\t\t\t\t\t\t<p class=\"western\" align=\"justify\"><span style=\"font-size: 14pt; color: #0041b2;\"><b>Tutores<\/b><\/span><\/p><p align=\"justify\"><span style=\"color: #000000;\">Para organizar o processo seletivo de tutores, seguir as seguintes recomenda\u00e7\u00f5es:<\/span><\/p><p class=\"western\" align=\"justify\"><span style=\"color: #000000;\">1. Observar o disposto na\u00a0<span style=\"color: #0041b2;\"><a style=\"color: #0041b2;\" href=\"https:\/\/www.capes.gov.br\/images\/stories\/download\/legislacao\/24102016-PORTARIA-N-183-2016.pdf\"><strong>Portaria 183<\/strong><\/a><\/span>, na\u00a0<span style=\"color: #0041b2;\"><strong><a style=\"color: #0041b2;\" href=\"http:\/\/www.lex.com.br\/legis_27395927_INSTRUCAO_NORMATIVA_N_2_DE_19_DE_ABRIL_DE_2017.aspx\">Instru\u00e7\u00e3o Normativa n\u00ba 02<\/a><\/strong><\/span>\u00a0e na\u00a0<a style=\"color: #000000;\" href=\"http:\/\/www.imprensanacional.gov.br\/materia\/-\/asset_publisher\/Kujrw0TZC2Mb\/content\/id\/49739745\/do1-2018-11-12-portaria-n-249-de-8-de-novembro-de-2018-49739741\"><span style=\"color: #0041b2;\"><strong>Portaria n\u00ba 249<\/strong><\/span>.<\/a><\/span><\/p><p align=\"justify\"><span style=\"color: #000000;\">2. Preencher o edital de acordo com o modelo apresentado pela coordena\u00e7\u00e3o UAB\/CIPEAD\u00a0<span style=\"color: #0041b2;\"><strong><a style=\"color: #0041b2;\" href=\"http:\/\/cipead.ufpr.br\/\/index.php\/uab\/orientacoes-gerais\/formularios\/\">nesse link<\/a> <\/strong><\/span>respeitando as especifica\u00e7\u00f5es do curso.<\/span><\/p><p class=\"western\" align=\"justify\"><span style=\"color: #000000;\">3. Abrir processo no SEI e preencher um memorando solicitando a publica\u00e7\u00e3o do edital.<\/span><\/p><p class=\"western\" align=\"justify\"><span style=\"color: #000000;\">4. Enviar o memorando e o edital para publica\u00e7\u00e3o via SEI: UFPR\/R\/PROGRAD\/CIPEAD\/NEAD (memorando + edital em PDF), com at\u00e9 03 dias de anteced\u00eancia.<\/span><\/p><p class=\"western\" align=\"justify\"><span style=\"color: #000000;\">5. Conduzir o processo seletivo e encaminhar o resultado via SEI para a UFPR\/R\/PROGRAD\/CIPEAD\/NEAD para publica\u00e7\u00e3o e armazenamento de informa\u00e7\u00f5es.<\/span><\/p><p class=\"western\" align=\"justify\"><span style=\"color: #0041b2; font-size: 14pt;\"><b>Professor formador \u2013 Quadro efetivo da UFPR<\/b><\/span><\/p><p class=\"western\" align=\"justify\"><span style=\"color: #000000;\">Quando o professor formador fizer parte do corpo de servidores da UFPR, faz-se necess\u00e1rio realizar processo seletivo e, em seguida, aprovar na inst\u00e2ncia colegiada (departamento, c\u00e2mara ou colegiado de curso).<\/span><\/p><p class=\"western\" align=\"justify\"><span style=\"color: #000000;\">Neste caso, seguir as seguintes orienta\u00e7\u00f5es:<\/span><\/p><p><span style=\"color: #000000;\">1. Observar o disposto na <span style=\"color: #0041b2;\"><strong><a style=\"color: #0041b2;\" href=\"https:\/\/www.capes.gov.br\/images\/stories\/download\/legislacao\/24102016-PORTARIA-N-183-2016.pdf\">Portaria 183<\/a><\/strong><\/span>, na<span style=\"color: #0041b2;\">\u00a0<a style=\"color: #0041b2;\" href=\"http:\/\/www.lex.com.br\/legis_27395927_INSTRUCAO_NORMATIVA_N_2_DE_19_DE_ABRIL_DE_2017.aspx\"><strong>Instru\u00e7\u00e3o Normativa n\u00ba 02<\/strong><\/a>\u00a0<\/span>e na\u00a0\u00a0<span style=\"color: #0041b2;\"><a style=\"color: #0041b2;\" href=\"http:\/\/www.imprensanacional.gov.br\/materia\/-\/asset_publisher\/Kujrw0TZC2Mb\/content\/id\/49739745\/do1-2018-11-12-portaria-n-249-de-8-de-novembro-de-2018-49739741\"><strong>Portaria n\u00ba 249<\/strong><\/a><\/span>.<\/span><\/p><p><span style=\"color: #000000;\">2. Preencher o edital de acordo com o modelo apresentado pela coordena\u00e7\u00e3o UAB\/SEaDIP<span style=\"color: #0041b2;\"><a style=\"color: #0041b2;\" href=\"http:\/\/cipead.ufpr.br\/\/index.php\/uab\/orientacoes-gerais\/formularios\/\"><strong> nesse link<\/strong><\/a><\/span>, respeitando as especificidades do curso.<\/span><\/p><p><span style=\"color: #000000;\">3. Abrir processo no SEI e preencher um memorando solicitando a publica\u00e7\u00e3o do edital.<\/span><\/p><p><span style=\"color: #000000;\">4. Enviar o memorando e o edital para a publica\u00e7\u00e3o via SEI: UFPR\/R\/PROGRAD\/CIPEAD\/NEAD (memorando + edital em PDF), com at\u00e9 03 dias de anteced\u00eancia.<\/span><\/p><p><span style=\"color: #000000;\">5. Conduzir o processo seletivo e encaminhar o resultado tamb\u00e9m via SEI para a UFPR\/R\/PROGRAD\/CIPEAD\/NEAD para publica\u00e7\u00e3o e armazenamento de informa\u00e7\u00f5es.<\/span><\/p><p><span style=\"color: #000000;\"><strong>Importante<\/strong>: Anexar a ata de aprova\u00e7\u00e3o em \u00f3rg\u00e3o colegiado e PIT do professor formador selecionado.<\/span><\/p><p class=\"western\" align=\"justify\"><span style=\"font-size: 14pt; color: #0041b2;\"><b>Professor formador \u2013 Quadro Externo<\/b><\/span><\/p><p class=\"western\" align=\"justify\"><span style=\"color: #000000;\">O sistema UAB permite a participa\u00e7\u00e3o de colaboradores externos. O percentual n\u00e3o deve ultrapassar 25%.<\/span><\/p><p class=\"western\" align=\"justify\"><span style=\"color: #000000;\">Para efetuar a contrata\u00e7\u00e3o de professores do quadro externo, deve ser realizado processo seletivo p\u00fablico.<\/span><\/p><p class=\"western\" align=\"justify\"><span style=\"color: #000000;\">Nesse caso, seguir as seguintes orienta\u00e7\u00f5es:<\/span><\/p><p class=\"western\" align=\"justify\"><span style=\"color: #000000;\">1. Observar o disposto na\u00a0<a style=\"color: #000000;\" href=\"https:\/\/www.capes.gov.br\/images\/stories\/download\/legislacao\/24102016-PORTARIA-N-183-2016.pdf\"><span style=\"color: #0041b2;\"><strong>Portaria 183<\/strong><\/span>,<\/a>\u00a0na Instru\u00e7\u00e3o\u00a0<span style=\"color: #00afdc;\"><span style=\"color: #0041b2;\"><strong><a style=\"color: #0041b2;\" href=\"http:\/\/www.lex.com.br\/legis_27395927_INSTRUCAO_NORMATIVA_N_2_DE_19_DE_ABRIL_DE_2017.aspx\">Instru\u00e7\u00e3o Normativa n\u00ba 02<\/a><\/strong><\/span>\u00a0<\/span>e na\u00a0<span style=\"color: #0041b2;\"><strong><a style=\"color: #0041b2;\" href=\"http:\/\/www.imprensanacional.gov.br\/materia\/-\/asset_publisher\/Kujrw0TZC2Mb\/content\/id\/49739745\/do1-2018-11-12-portaria-n-249-de-8-de-novembro-de-2018-49739741\">Portaria n\u00ba 249<\/a><\/strong><\/span>.<\/span><\/p><p class=\"western\" align=\"justify\"><span style=\"color: #000000;\">2. Preencher o edital de acordo com o modelo apresentado pela coordena\u00e7\u00e3o UAB\/CIPEAD\u00a0<strong><span style=\"color: #00afdc;\"><span style=\"color: #0041b2;\"><a style=\"color: #0041b2;\" href=\"http:\/\/cipead.ufpr.br\/\/index.php\/uab\/orientacoes-gerais\/formularios\/\">nesse link<\/a><\/span>,<\/span><\/strong> respeitando as especificidades do curso.<b><\/b><\/span><\/p><p class=\"western\" align=\"justify\"><span style=\"color: #000000;\">3. Abrir processo no SEI e preencher um memorando solicitando a publica\u00e7\u00e3o do edital.<\/span><\/p><p class=\"western\" align=\"justify\"><span style=\"color: #000000;\">4. Enviar o memorando e o edital para publica\u00e7\u00e3o via SEI: UFPR\/R\/PROGRAD\/CIPEAD\/NEAD (memorando + edital em PDF), com at\u00e9 03 dias de anteced\u00eancia.<\/span><\/p><p class=\"western\" align=\"justify\"><span style=\"color: #000000;\">5. Conduzir o processo seletivo e encaminhar o resultado tamb\u00e9m via SEI para a UFPR\/R\/PROGRAD\/CIPEAD\/NEAD para publica\u00e7\u00e3o e armazenamento de informa\u00e7\u00f5es.<\/span><\/p><p class=\"western\" align=\"justify\"><span style=\"color: #000000;\"><b>Importante<\/b>: Caso tenha d\u00favidas sobre o preenchimento do edital voc\u00ea pode enviar um e-mail para &lt;<u><span style=\"color: #00afdc;\"><a style=\"color: #00afdc;\" href=\"mailto:uab_ufpr@ufpr.br\">uab_ufpr@ufpr.br<\/a><\/span><\/u>&gt;\u00a0ou pelo\u00a0<i>site<\/i>\u00a0da\u00a0<a style=\"color: #000000;\" href=\"http:\/\/cipead.ufpr.br\/\/index.php\/uab\/contato-uab\/\">UAB\/UFPR<\/a>.<\/span><\/p>\t\t\t\t\t\t\t\t<\/div>\n\t\t\t\t<\/div>\n\t\t\t\t<div class=\"elementor-element elementor-element-fd14bcd elementor-widget elementor-widget-button\" data-id=\"fd14bcd\" data-element_type=\"widget\" data-e-type=\"widget\" data-widget_type=\"button.default\">\n\t\t\t\t<div class=\"elementor-widget-container\">\n\t\t\t\t\t\t\t\t\t<div class=\"elementor-button-wrapper\">\n\t\t\t\t\t<a class=\"elementor-button elementor-button-link elementor-size-sm\" href=\"http:\/\/cipead.ufpr.br\/\/index.php\/uab\/orientacoes-gerais\/\">\n\t\t\t\t\t\t<span class=\"elementor-button-content-wrapper\">\n\t\t\t\t\t\t<span class=\"elementor-button-icon\">\n\t\t\t\t<i aria-hidden=\"true\" class=\"fas fa-backward\"><\/i>\t\t\t<\/span>\n\t\t\t\t\t\t\t\t\t<span class=\"elementor-button-text\">Voltar<\/span>\n\t\t\t\t\t<\/span>\n\t\t\t\t\t<\/a>\n\t\t\t\t<\/div>\n\t\t\t\t\t\t\t\t<\/div>\n\t\t\t\t<\/div>\n\t\t\t\t\t<\/div>\n\t\t<\/div>\n\t\t\t\t<div class=\"elementor-column elementor-col-33 elementor-top-column elementor-element elementor-element-1f1a764a\" data-id=\"1f1a764a\" data-element_type=\"column\" data-e-type=\"column\">\n\t\t\t<div class=\"elementor-widget-wrap\">\n\t\t\t\t\t\t\t<\/div>\n\t\t<\/div>\n\t\t\t\t\t<\/div>\n\t\t<\/section>\n\t\t\t\t<section class=\"elementor-section elementor-top-section elementor-element elementor-element-635e17a5 elementor-section-boxed elementor-section-height-default elementor-section-height-default\" data-id=\"635e17a5\" data-element_type=\"section\" data-e-type=\"section\">\n\t\t\t\t\t\t<div class=\"elementor-container elementor-column-gap-default\">\n\t\t\t\t\t<div class=\"elementor-column elementor-col-100 elementor-top-column elementor-element elementor-element-1a10ee30\" data-id=\"1a10ee30\" data-element_type=\"column\" data-e-type=\"column\">\n\t\t\t<div class=\"elementor-widget-wrap elementor-element-populated\">\n\t\t\t\t\t\t<div class=\"elementor-element elementor-element-7ca85bce elementor-widget elementor-widget-spacer\" data-id=\"7ca85bce\" data-element_type=\"widget\" data-e-type=\"widget\" data-widget_type=\"spacer.default\">\n\t\t\t\t<div class=\"elementor-widget-container\">\n\t\t\t\t\t\t\t<div class=\"elementor-spacer\">\n\t\t\t<div class=\"elementor-spacer-inner\"><\/div>\n\t\t<\/div>\n\t\t\t\t\t\t<\/div>\n\t\t\t\t<\/div>\n\t\t\t\t\t<\/div>\n\t\t<\/div>\n\t\t\t\t\t<\/div>\n\t\t<\/section>\n\t\t\t\t<section class=\"elementor-section elementor-top-section elementor-element elementor-element-1a8c569 elementor-section-stretched elementor-section-boxed elementor-section-height-default elementor-section-height-default\" data-id=\"1a8c569\" data-element_type=\"section\" data-e-type=\"section\" data-settings=\"{&quot;stretch_section&quot;:&quot;section-stretched&quot;}\">\n\t\t\t\t\t\t<div class=\"elementor-container elementor-column-gap-default\">\n\t\t\t\t\t<div class=\"elementor-column elementor-col-100 elementor-top-column elementor-element elementor-element-53cb4cd\" data-id=\"53cb4cd\" data-element_type=\"column\" data-e-type=\"column\" data-settings=\"{&quot;background_background&quot;:&quot;classic&quot;}\">\n\t\t\t<div class=\"elementor-widget-wrap elementor-element-populated\">\n\t\t\t\t\t\t<div class=\"elementor-element elementor-element-96e9abb elementor-widget elementor-widget-text-editor\" data-id=\"96e9abb\" data-element_type=\"widget\" data-e-type=\"widget\" data-widget_type=\"text-editor.default\">\n\t\t\t\t<div class=\"elementor-widget-container\">\n\t\t\t\t\t\t\t\t\t<span style=\"text-align: center;\">SEaDIP &#8211; Superintend\u00eancia de Educa\u00e7\u00e3o \u00e0 Dist\u00e2ncia e Inova\u00e7\u00f5es Pedag\u00f3gicas<\/span>\n<br><span style=\"text-align: center;\">Pra\u00e7a Santos Andrade, 50 | Centro | CEP: 80.020-300 | Curitiba\/PR<\/span><br>\n<span style=\"text-align: center;\">Contato (Teams ou e-mail):\u00a0 seadip@ufpr.br<\/span>\t\t\t\t\t\t\t\t<\/div>\n\t\t\t\t<\/div>\n\t\t\t\t<div class=\"elementor-element elementor-element-f5a22e6 elementor-shape-circle elementor-grid-0 e-grid-align-center elementor-widget elementor-widget-social-icons\" data-id=\"f5a22e6\" data-element_type=\"widget\" data-e-type=\"widget\" data-widget_type=\"social-icons.default\">\n\t\t\t\t<div class=\"elementor-widget-container\">\n\t\t\t\t\t\t\t<div class=\"elementor-social-icons-wrapper elementor-grid\" role=\"list\">\n\t\t\t\t\t\t\t<span class=\"elementor-grid-item\" role=\"listitem\">\n\t\t\t\t\t<a class=\"elementor-icon elementor-social-icon elementor-social-icon-instagram elementor-repeater-item-8904920\" href=\"https:\/\/www.instagram.com\/cipead\" target=\"_blank\">\n\t\t\t\t\t\t<span class=\"elementor-screen-only\">Instagram<\/span>\n\t\t\t\t\t\t<i aria-hidden=\"true\" class=\"fab fa-instagram\"><\/i>\t\t\t\t\t<\/a>\n\t\t\t\t<\/span>\n\t\t\t\t\t\t\t<span class=\"elementor-grid-item\" role=\"listitem\">\n\t\t\t\t\t<a class=\"elementor-icon elementor-social-icon elementor-social-icon-youtube elementor-repeater-item-10dbd68\" href=\"https:\/\/www.youtube.com\/channel\/UCpdgtJ711ZSg029yKwyjzhA\/featured\" target=\"_blank\">\n\t\t\t\t\t\t<span class=\"elementor-screen-only\">Youtube<\/span>\n\t\t\t\t\t\t<i aria-hidden=\"true\" class=\"fab fa-youtube\"><\/i>\t\t\t\t\t<\/a>\n\t\t\t\t<\/span>\n\t\t\t\t\t\t\t<span class=\"elementor-grid-item\" role=\"listitem\">\n\t\t\t\t\t<a class=\"elementor-icon elementor-social-icon elementor-social-icon-envelope elementor-repeater-item-47ed4f2\" href=\"http:\/\/cipead.ufpr.br\/\/index.php\/contato\/\">\n\t\t\t\t\t\t<span class=\"elementor-screen-only\">Envelope<\/span>\n\t\t\t\t\t\t<i aria-hidden=\"true\" class=\"fas fa-envelope\"><\/i>\t\t\t\t\t<\/a>\n\t\t\t\t<\/span>\n\t\t\t\t\t<\/div>\n\t\t\t\t\t\t<\/div>\n\t\t\t\t<\/div>\n\t\t\t\t\t<\/div>\n\t\t<\/div>\n\t\t\t\t\t<\/div>\n\t\t<\/section>\n\t\t\t\t<\/div>\n\t\t","protected":false},"excerpt":{"rendered":"<p>Tutores Para organizar o processo seletivo de tutores, seguir as seguintes recomenda\u00e7\u00f5es: 1. Observar o disposto na\u00a0Portaria 183, na\u00a0Instru\u00e7\u00e3o Normativa n\u00ba 02\u00a0e na\u00a0Portaria n\u00ba 249. 2. Preencher o edital de acordo com o modelo apresentado pela coordena\u00e7\u00e3o UAB\/CIPEAD\u00a0nesse link respeitando&#8230; <a href=\"https:\/\/cipead.ufpr.br\/index.php\/uab\/orientacoes-gerais\/processos-seletivos\/\" class=\"readmore\">Leia mais&#8230;<span class=\"screen-reader-text\">PROCESSOS SELETIVOS<\/span><span class=\"fa fa-angle-double-right\" aria-hidden=\"true\"><\/span><\/a><\/p>\n","protected":false},"author":1,"featured_media":0,"parent":806,"menu_order":0,"comment_status":"closed","ping_status":"closed","template":"","meta":{"_eb_attr":"","footnotes":""},"class_list":["post-723","page","type-page","status-publish","hentry"],"_links":{"self":[{"href":"https:\/\/cipead.ufpr.br\/index.php\/wp-json\/wp\/v2\/pages\/723","targetHints":{"allow":["GET"]}}],"collection":[{"href":"https:\/\/cipead.ufpr.br\/index.php\/wp-json\/wp\/v2\/pages"}],"about":[{"href":"https:\/\/cipead.ufpr.br\/index.php\/wp-json\/wp\/v2\/types\/page"}],"author":[{"embeddable":true,"href":"https:\/\/cipead.ufpr.br\/index.php\/wp-json\/wp\/v2\/users\/1"}],"replies":[{"embeddable":true,"href":"https:\/\/cipead.ufpr.br\/index.php\/wp-json\/wp\/v2\/comments?post=723"}],"version-history":[{"count":19,"href":"https:\/\/cipead.ufpr.br\/index.php\/wp-json\/wp\/v2\/pages\/723\/revisions"}],"predecessor-version":[{"id":9063,"href":"https:\/\/cipead.ufpr.br\/index.php\/wp-json\/wp\/v2\/pages\/723\/revisions\/9063"}],"up":[{"embeddable":true,"href":"https:\/\/cipead.ufpr.br\/index.php\/wp-json\/wp\/v2\/pages\/806"}],"wp:attachment":[{"href":"https:\/\/cipead.ufpr.br\/index.php\/wp-json\/wp\/v2\/media?parent=723"}],"curies":[{"name":"wp","href":"https:\/\/api.w.org\/{rel}","templated":true}]}}